{"version":"1.0","provider_name":"creaerte.com","provider_url":"https:\/\/www.creaerte.com\/live","author_name":"admin","author_url":"https:\/\/www.creaerte.com\/live\/author\/admin\/","title":"Dise\u00f1o cultural para los Premios Extremadura a la Creaci\u00f3n - creaerte.com","type":"rich","width":600,"height":338,"html":"<blockquote class=\"wp-embedded-content\" data-secret=\"WSfaxHMe8u\"><a href=\"https:\/\/www.creaerte.com\/live\/diseno-cultural-los-premios-extremadura-la-creacion\/\">Dise\u00f1o cultural para los Premios Extremadura a la Creaci\u00f3n<\/a><\/blockquote><iframe sandbox=\"allow-scripts\" security=\"restricted\" src=\"https:\/\/www.creaerte.com\/live\/diseno-cultural-los-premios-extremadura-la-creacion\/embed\/#?secret=WSfaxHMe8u\" width=\"600\" height=\"338\" title=\"\u00abDise\u00f1o cultural para los Premios Extremadura a la Creaci\u00f3n\u00bb \u2014 creaerte.com\" data-secret=\"WSfaxHMe8u\" frameborder=\"0\" marginwidth=\"0\" marginheight=\"0\" scrolling=\"no\" class=\"wp-embedded-content\"><\/iframe><script type=\"text\/javascript\">\n\/* <![CDATA[ *\/\n\/*! This file is auto-generated *\/\n!function(d,l){\"use strict\";l.querySelector&&d.addEventListener&&\"undefined\"!=typeof URL&&(d.wp=d.wp||{},d.wp.receiveEmbedMessage||(d.wp.receiveEmbedMessage=function(e){var t=e.data;if((t||t.secret||t.message||t.value)&&!\/[^a-zA-Z0-9]\/.test(t.secret)){for(var s,r,n,a=l.querySelectorAll('iframe[data-secret=\"'+t.secret+'\"]'),o=l.querySelectorAll('blockquote[data-secret=\"'+t.secret+'\"]'),c=new RegExp(\"^https?:$\",\"i\"),i=0;i<o.length;i++)o[i].style.display=\"none\";for(i=0;i<a.length;i++)s=a[i],e.source===s.contentWindow&&(s.removeAttribute(\"style\"),\"height\"===t.message?(1e3<(r=parseInt(t.value,10))?r=1e3:~~r<200&&(r=200),s.height=r):\"link\"===t.message&&(r=new URL(s.getAttribute(\"src\")),n=new URL(t.value),c.test(n.protocol))&&n.host===r.host&&l.activeElement===s&&(d.top.location.href=t.value))}},d.addEventListener(\"message\",d.wp.receiveEmbedMessage,!1),l.addEventListener(\"DOMContentLoaded\",function(){for(var e,t,s=l.querySelectorAll(\"iframe.wp-embedded-content\"),r=0;r<s.length;r++)(t=(e=s[r]).getAttribute(\"data-secret\"))||(t=Math.random().toString(36).substring(2,12),e.src+=\"#?secret=\"+t,e.setAttribute(\"data-secret\",t)),e.contentWindow.postMessage({message:\"ready\",secret:t},\"*\")},!1)))}(window,document);\n\/\/# sourceURL=https:\/\/www.creaerte.com\/live\/wp-includes\/js\/wp-embed.min.js\n\/* ]]> *\/\n<\/script>\n","thumbnail_url":"https:\/\/www.creaerte.com\/live\/wp-content\/uploads\/2019\/10\/libreto.jpg","thumbnail_width":817,"thumbnail_height":468,"description":"En nuestras tres d\u00e9cadas de incansable labor creativa, los trabajos relacionados con la gesti\u00f3n cultural siempre han sido motivo de satisfacci\u00f3n en Creaerte. Hoy abrimos la secci\u00f3n de Cosecha Propia recordando uno de ellos, como es el libreto elaborado para los Premios Extremadura a la Creaci\u00f3n del a\u00f1o 2008. Una publicaci\u00f3n a trav\u00e9s de la cual se pretend\u00eda fomentar la..."}